{"id":1196,"date":"2008-10-11T15:21:55","date_gmt":"2008-10-11T14:21:55","guid":{"rendered":"http:\/\/www.ticmais.pt\/?page_id=1196"},"modified":"2021-02-09T22:51:29","modified_gmt":"2021-02-09T21:51:29","slug":"e_ecolinks","status":"publish","type":"page","link":"https:\/\/www.ticmais.pt\/?page_id=1196","title":{"rendered":"EcoLinks"},"content":{"rendered":"<p><br class=\"spacer_\" \/><br class=\"spacer_\" \/><br class=\"spacer_\" \/><\/p>\n<table style=\"width: 100%;\" border=\"0\" cellspacing=\"5\" cellpadding=\"5\">\n<tbody>\n<tr>\n<td>\n<div class=\"entry\">\n<p>Links para outras Organiza\u00e7\u00f5es N\u00e3o Governamentais de Ambiente<br \/>\n<a href=\"http:\/\/www.quercus.pt\/\" target=\"_blank\" rel=\"noopener\">Quercus<\/a><br \/>\n<a href=\"http:\/\/www.agrobio.pt\/\" target=\"_blank\" rel=\"noopener\">Associa\u00e7\u00e3o de Agricultura Biol\u00f3gica (AGROBIO)<\/a><br \/>\n<a href=\"http:\/\/www.almargem.org\/\" target=\"_blank\" rel=\"noopener\">Associa\u00e7\u00e3o de Defesa do Patrim\u00f3nio Cultural e Ambiental (ALMARGEM)<\/a><br \/>\n<a href=\"http:\/\/www.amigosdomindelo.pt\/\" target=\"_blank\" rel=\"noopener\">Associa\u00e7\u00e3o dos Amigos do Mindelo para a Defesa do Ambiente<\/a><br \/>\n<a href=\"http:\/\/www.aspea.org\/\" target=\"_blank\" rel=\"noopener\">Associa\u00e7\u00e3o Portuguesa de Educa\u00e7\u00e3o Ambiental (ASPEA)<\/a><br \/>\n<a href=\"https:\/\/www.biocoop.pt\/\">BIOCOOP &#8211; Produtos de Agricultura Biol\u00f3gica<\/a><br \/>\n<a href=\"http:\/\/www.campoaberto.pt\/\" target=\"_blank\" rel=\"noopener\">Campo Aberto &#8211; Associa\u00e7\u00e3o de Defesa do Ambiente<\/a><br \/>\n<a href=\"https:\/\/www.fea.pt\/entidade_bv?ent=624\" target=\"_blank\" rel=\"noopener\">Centro de Estudos da Avifauna Ib\u00e9rica (CEAI)<\/a><br \/>\n<a href=\"http:\/\/www.cpada.pt\/\" target=\"_blank\" rel=\"noopener\">Confedera\u00e7\u00e3o Portuguesa das Associa\u00e7\u00f5es de Defesa do Ambiente (CPADA)<\/a><br \/>\n<a href=\"http:\/\/www.euronatura.pt\/\" target=\"_blank\" rel=\"noopener\">EURONATURA &#8211; Centro para o Direito Ambiental e Desenvolvimento Sustentado<\/a><br \/>\n<a href=\"http:\/\/www.fapas.pt\/\" target=\"_blank\" rel=\"noopener\">Fundo para a Protec\u00e7\u00e3o de Animais Selvagens (FAPAS)<\/a><br \/>\n<a href=\"http:\/\/gaia.org.pt\/\" target=\"_blank\" rel=\"noopener\">Grupo de Ac\u00e7\u00e3o e Interven\u00e7\u00e3o Ambiental (GAIA)<\/a><br \/>\n<a href=\"http:\/\/www.geota.pt\/\" target=\"_blank\" rel=\"noopener\">Grupo de Estudos de Ordenamento do Territ\u00f3rio e Ambiente (GEOTA)<\/a><br \/>\n<a href=\"https:\/\/www.tuugo.pt\/Companies\/gec-grupo-ecologico-de-cascais\/0240003408170#!\" target=\"_blank\" rel=\"noopener\">Grupo Ecol\u00f3gico de Cascais (GEC)<\/a><br \/>\n<a href=\"http:\/\/www.lpn.pt\/\" target=\"_blank\" rel=\"noopener\">Liga para a Protec\u00e7\u00e3o da Natureza (LPN)<\/a><br \/>\n<a href=\"https:\/\/www.lpda.pt\/sobre-nos\/\" target=\"_blank\" rel=\"noopener\">Liga Portuguesa dos Direitos do Animal (LPDA)<\/a><br \/>\n<a href=\"http:\/\/www.portal-energia.com\/\" target=\"_blank\" rel=\"noopener\">Portal Energia<\/a><br \/>\n<a href=\"https:\/\/www.cm-cartaxo.pt\/Viver\/Associativismo\/Ambiente\/Paginas\/Palhota-Viva.aspx\" target=\"_blank\" rel=\"noopener\">Projecto PALHOTA VIVA &#8211; Associa\u00e7\u00e3o de Defesa do Ambiente<\/a><br \/>\n<a href=\"http:\/\/www.spea.pt\/\" target=\"_blank\" rel=\"noopener\">Sociedade Portuguesa para o Estudo das Aves (SPEA)<\/a><br \/>\n<a href=\"http:\/\/www.aldeiasdoxisto.pt\/index\/5\" target=\"_blank\" rel=\"noopener\">Aldeias do Xisto<\/a><\/p>\n<p>&nbsp;<\/p>\n<\/div>\n<\/td>\n<\/tr>\n<tr>\n<td><span style=\"color: #800000;\">Links para Organiza\u00e7\u00f5es N\u00e3o Governamentais (ONG) de Ambiente Internacionais<\/span><span style=\"color: #800000;\">\u00a0<\/span><\/p>\n<p><strong>ONG Internacionais<\/strong><\/p>\n<div><span style=\"color: #800000;\"><a href=\"http:\/\/www.tierra.org\/\" target=\"_blank\" rel=\"noopener\">Amigos de la Tierra (Espanha)<\/a><br \/>\n<\/span><a href=\"http:\/\/www.climatenetwork.org\/\" target=\"_blank\" rel=\"noopener\">Climate Action Network (CAN)<\/a><br \/>\n<a href=\"https:\/\/caneurope.org\/about-us\/\">Climate Action Network &#8211; Europe (CAN Europe)<\/a><br \/>\n<a href=\"http:\/\/www.eeb.org\/\" target=\"_blank\" rel=\"noopener\">European Environmental Bureau (EEB)<\/a><br \/>\n<a href=\"http:\/\/www.transportenvironment.org\/\" target=\"_blank\" rel=\"noopener\">European Federation for Transport and Environment (T&amp;E)<\/a><br \/>\n<a href=\"http:\/\/www.foeeurope.org\/\" target=\"_blank\" rel=\"noopener\">Friends of the Earth Europe (FoE Europe)<\/a><br \/>\n<a href=\"http:\/\/www.foei.org\/\" target=\"_blank\" rel=\"noopener\">Friends of the Earth International (FoEI)<\/a><a href=\"http:\/\/www.greenpeace.org.br\/\" target=\"_blank\" rel=\"noopener\">Greenpeace Brasil<\/a><br \/>\n<a href=\"https:\/\/es.greenpeace.org\/es\/\">Greenpeace Espanha<\/a><br \/>\n<a href=\"http:\/\/www.greenpeace.org\/\" target=\"_blank\" rel=\"noopener\">Greenpeace International<\/a><br \/>\n<a href=\"http:\/\/www.panda.org\/\" target=\"_blank\" rel=\"noopener\">WWF International<\/a><\/div>\n<\/td>\n<\/tr>\n<tr>\n<td><span style=\"color: #800000;\">Links para entidades relacionadas com o Minist\u00e9rio do Ambiente, Ordenamento do Territ\u00f3rio e Desenvolvimento Regional para as Secretarias do Governos Regionais dos A\u00e7ores e Madeira.<br \/>\n<\/span><br \/>\n<strong><span style=\"color: #800000;\">Minist\u00e9rio do Ambiente e Secretarias das Regi\u00f5es Aut\u00f3nomas dos A\u00e7ores e Madeira<\/span><\/strong><a href=\"http:\/\/www.iambiente.pt\/atlas\/est\/index.jsp\" target=\"_blank\" rel=\"noopener\">Atlas do Ambiente (Instituto do Ambiente)<\/a><br \/>\n<a href=\"http:\/\/www.ccdr-a.gov.pt\/\" target=\"_blank\" rel=\"noopener\">Comiss\u00e3o de Coordena\u00e7\u00e3o e Desenvolvimento Regional do Alentejo (CCDR Alentejo)<\/a><br \/>\n<a href=\"http:\/\/www.ccdr-alg.pt\/\" target=\"_blank\" rel=\"noopener\">Comiss\u00e3o de Coordena\u00e7\u00e3o e Desenvolvimento Regional do Algarve<\/a><br \/>\n<a href=\"http:\/\/www.ccdrc.pt\/\" target=\"_blank\" rel=\"noopener\">Comiss\u00e3o de Coordena\u00e7\u00e3o e Desenvolvimento Regional do Centro<\/a><br \/>\n<a href=\"https:\/\/www.ccdr-n.pt\/\">Comiss\u00e3o de Coordena\u00e7\u00e3o e Desenvolvimento Regional do Norte<\/a><br \/>\n<a href=\"http:\/\/www.inag.pt\/\" target=\"_blank\" rel=\"noopener\">Instituto da \u00c1gua (INAG)<\/a><br \/>\n<a href=\"https:\/\/apambiente.pt\/\">Ag\u00eancia Portuguesa do Ambiente<\/a><br \/>\n<a href=\"https:\/\/www.icnf.pt\/\">Instituto de Conserva\u00e7\u00e3o da Natureza e das Florestas (ICNF)<\/a><\/td>\n<\/tr>\n<\/tbody>\n<\/table>\n","protected":false},"excerpt":{"rendered":"<p>Links para outras Organiza\u00e7\u00f5es N\u00e3o Governamentais de Ambiente Quercus Associa\u00e7\u00e3o de Agricultura Biol\u00f3gica (AGROBIO) Associa\u00e7\u00e3o de Defesa do Patrim\u00f3nio Cultural e Ambiental (ALMARGEM) Associa\u00e7\u00e3o dos Amigos do Mindelo para a Defesa do Ambiente Associa\u00e7\u00e3o Portuguesa de Educa\u00e7\u00e3o Ambiental (ASPEA) BIOCOOP &#8211; Produtos de Agricultura Biol\u00f3gica Campo Aberto &#8211; Associa\u00e7\u00e3o de Defesa do Ambiente Centro de [&hellip;]<\/p>\n","protected":false},"author":1,"featured_media":0,"parent":0,"menu_order":0,"comment_status":"closed","ping_status":"open","template":"","meta":{"footnotes":""},"class_list":["post-1196","page","type-page","status-publish","hentry"],"_links":{"self":[{"href":"https:\/\/www.ticmais.pt\/index.php?rest_route=\/wp\/v2\/pages\/1196","targetHints":{"allow":["GET"]}}],"collection":[{"href":"https:\/\/www.ticmais.pt\/index.php?rest_route=\/wp\/v2\/pages"}],"about":[{"href":"https:\/\/www.ticmais.pt\/index.php?rest_route=\/wp\/v2\/types\/page"}],"author":[{"embeddable":true,"href":"https:\/\/www.ticmais.pt\/index.php?rest_route=\/wp\/v2\/users\/1"}],"replies":[{"embeddable":true,"href":"https:\/\/www.ticmais.pt\/index.php?rest_route=%2Fwp%2Fv2%2Fcomments&post=1196"}],"version-history":[{"count":0,"href":"https:\/\/www.ticmais.pt\/index.php?rest_route=\/wp\/v2\/pages\/1196\/revisions"}],"wp:attachment":[{"href":"https:\/\/www.ticmais.pt\/index.php?rest_route=%2Fwp%2Fv2%2Fmedia&parent=1196"}],"curies":[{"name":"wp","href":"https:\/\/api.w.org\/{rel}","templated":true}]}}