{"id":1249,"date":"2008-10-20T02:28:12","date_gmt":"2008-10-20T01:28:12","guid":{"rendered":"http:\/\/www.ticmais.pt\/?page_id=1249"},"modified":"2021-05-02T23:13:40","modified_gmt":"2021-05-02T22:13:40","slug":"sugestoes-da-semana","status":"publish","type":"page","link":"https:\/\/www.ticmais.pt\/?page_id=1249","title":{"rendered":"Sugest\u00f5es"},"content":{"rendered":"<p><span class=\"Apple-style-span\" style=\"border-collapse: collapse;\"><img decoding=\"async\" class=\"alignnone\" style=\"color: #333333; font: normal normal normal 15px\/normal 'Helvetica Neue', Helvetica, Arial, sans-serif; font-style: inherit; font-weight: inherit; line-height: 1.625; margin-top: 0.4em; float: left; display: inline; margin-right: 1.625em; margin-bottom: 1.625em; padding: 6px; border: 1px solid #dddddd;\" src=\"\/\/www.ticmais.pt\/ticmais\/imagens\/ticmais-sugestao-da-semana2.gif\" alt=\"\" \/><\/span><\/p>\n<p align=\"justify\"><img decoding=\"async\" src=\"\/\/www.ticmais.pt\/ticmais\/imagens\/ticmais-escrito-por.gif\" alt=\"\" \/><br \/>\nS\u00e3o muitas as sugest\u00f5es que temos\u00a0vindo a fazer\u00a0no \u00e2mbito da Sociedade do Conhecimento, mas porque sabemos que \u201cRoma e Pavia n\u00e3o se fizeram num dia\u201d, continuamos a aguardar\u00a0pelos\u00a0seus frutos.<\/p>\n<p><strong>Conhe\u00e7a Todas as Sugest\u00f5es da Semana<\/strong><\/p>\n<p><!--more--><\/p>\n<table style=\"width: 100%;\" border=\"0\" cellspacing=\"5\" cellpadding=\"5\" align=\"justify\">\n<tbody>\n<tr>\n<td style=\"background-color: #99ff00;\">\n<p style=\"text-align: justify;\"><strong style=\"font-size: 12px;\">Sugest\u00e3o N\u00ba\u00a022 &#8211; <span style=\"color: #800000;\"><span style=\"color: #800000;\">Feita a\u00a030\u00a0de Junho de 2008<\/span><\/span><\/strong><\/p>\n<\/td>\n<\/tr>\n<tr>\n<td>\n<p style=\"text-align: justify;\"><strong>Tempo de Interven\u00e7\u00e3o dos Cidad\u00e3os na Assembleia Municipal<\/strong><\/p>\n<p style=\"text-align: justify;\">Principalmente quando navegamos na Net e nos deparamos com a participa\u00e7\u00e3o de cidadania que emerge da sociedade civil, resulta cada vez mais evidente a confirma\u00e7\u00e3o duma classe interventiva capaz de provocar din\u00e2micas diferenciadoras e sustentadoras de alguma esperan\u00e7a estrat\u00e9gica em rela\u00e7\u00e3o ao futuro.<\/p>\n<p style=\"text-align: justify;\">\u00c9 cada vez mais decisivo o papel que a sociedade civil pode ter na regula\u00e7\u00e3o das pol\u00edticas p\u00fablicas que t\u00eam a ver com o desenvolvimento sustentado das suas regi\u00f5es.<\/p>\n<p style=\"text-align: justify;\">A participa\u00e7\u00e3o da sociedade civil nas decis\u00f5es p\u00fablicas vem-se acentuando como um dos pilares das democracias modernas e todas as constitui\u00e7\u00f5es dos pa\u00edses mais avan\u00e7ados referem este objectivo pol\u00edtico. Todavia, esta participa\u00e7\u00e3o sempre esteve condicionada aos constrangimentos institucionais e funcionais das organiza\u00e7\u00f5es do Estado.<\/p>\n<p style=\"text-align: justify;\">A Assembleia Municipal \u00e9 o \u00f3rg\u00e3o aut\u00e1rquico, por excel\u00eancia, em que o debate de ideias, de estrat\u00e9gias, de pol\u00edticas e de valores deve ser promovido, o qual s\u00f3 ser\u00e1 completo com uma maior e efectiva participa\u00e7\u00e3o democr\u00e1tica dos cidad\u00e3os.<\/p>\n<p style=\"text-align: justify;\">O per\u00edodo de interven\u00e7\u00e3o do p\u00fablico, nas reuni\u00f5es da Assembleia Municipal ocorre no fim das sess\u00f5es, acabem elas \u00e1 meia-noite ou mais tarde. A assist\u00eancia e participa\u00e7\u00e3o do p\u00fablico, regra geral, \u00e9 reduzida e espor\u00e1dica. Este ser\u00e1, todos reconhecer\u00e3o, um dos problemas da visibilidade do trabalho da Assembleia Municipal.<\/p>\n<p style=\"text-align: justify;\"><strong>A Assembleia Municipal tem tr\u00eas per\u00edodos distintos:<\/strong><\/p>\n<\/td>\n<\/tr>\n<tr>\n<td>\n<ol>\n<li>O Per\u00edodo Antes da Ordem do Dia, destinado a assuntos que dela n\u00e3o constem;<\/li>\n<li>O Per\u00edodo da Ordem do Dia, com ordem de trabalhos preestabelecida;<\/li>\n<li>E o Per\u00edodo da Interven\u00e7\u00e3o do P\u00fablico, destinado \u00e1 participa\u00e7\u00e3o dos cidad\u00e3os.<\/li>\n<\/ol>\n<\/td>\n<\/tr>\n<tr>\n<td style=\"text-align: justify;\">Este \u00faltimo \u00e9 o per\u00edodo em que os cidad\u00e3os podem e devem alertar para os problemas que necessitem de resposta ou interven\u00e7\u00e3o desse \u00d3rg\u00e3o Deliberativo. \u00c9 a\u00ed que poder\u00e3o fazer sugest\u00f5es sobre assuntos de interesse do concelho, problemas que os inquietem, etc.O envolvimento dos cidad\u00e3os na vida pol\u00edtica n\u00e3o se pode esgotar na representa\u00e7\u00e3o partid\u00e1ria. A colabora\u00e7\u00e3o entre eleitos e eleitores \u00e9, sem d\u00favida, a base da credibiliza\u00e7\u00e3o, quer dos \u00f3rg\u00e3os, quer dos pol\u00edticos em geral.Quer seja por falta de interesse pela actividade da Assembleia Municipal, quer \u00e1s horas a que se pode intervir, o que \u00e9 uma realidade, \u00e9 que se verifica falta de p\u00fablico e diminuta participa\u00e7\u00e3o de mun\u00edcipes. <strong>N\u00e3o h\u00e1 melhoria do sistema<br \/>\n<\/strong>\u2026se n\u00e3o houver uma nova vis\u00e3o que se configure como paradigma da mudan\u00e7a, que promova o envolvimento, a participa\u00e7\u00e3o e a aten\u00e7\u00e3o da popula\u00e7\u00e3o.<\/p>\n<div style=\"text-align: justify;\"><strong>SUGEST\u00c3O:<\/strong><\/div>\n<div style=\"text-align: justify;\">Face a altera\u00e7\u00f5es na Lei, \u00e9 actualmente poss\u00edvel alterar esta situa\u00e7\u00e3o. Ou seja, o per\u00edodo do p\u00fablico pode acontecer mais cedo. Na nossa opini\u00e3o, podendo os Cidad\u00e3os intervir mais cedo, fomentar-se-\u00e1 a participa\u00e7\u00e3o e a consequente resolu\u00e7\u00e3o e esclarecimento de mais problemas da popula\u00e7\u00e3o que, no fundo, dizem respeito a todos n\u00f3s.<\/div>\n<\/td>\n<\/tr>\n<tr>\n<td>Nota: <a href=\"https:\/\/www.ticmais.pt\/ticmais\/pdf\/2017.11.23.tempo.de.intervencao.dos.cidadaos.na.am.pdf\">Formaliza\u00e7\u00e3o da proposta na Assembleia Municipal de 2017.11.23<\/a><\/td>\n<\/tr>\n<tr>\n<td><\/td>\n<\/tr>\n<tr>\n<td style=\"background-color: #99ff00;\"><strong style=\"font-size: 12px;\">Sugest\u00e3o N\u00ba\u00a021 &#8211; <span style=\"color: #800000;\"><span style=\"color: #800000;\">Feita a\u00a023\u00a0de Junho de 2008<\/span><\/span><\/strong><\/td>\n<\/tr>\n<tr>\n<td style=\"text-align: justify;\">A cidadania, o direito \u00e0 opini\u00e3o, dever\u00e1 praticar-se sem necessidade de \u201clicen\u00e7as municipais de legitimidade\u201d, em espa\u00e7os como as reuni\u00f5es de C\u00e2mara, onde a diferen\u00e7a de pontos de vista n\u00e3o deve provocar a \u201cguerra ou a censura\u201d, mas antes contribuir para um DEBATE franco e aberto, que assegure a pluralidade e diversidade de ideias e opini\u00f5es.<br \/>\nJ\u00e1 n\u00e3o s\u00e3o s\u00f3 alguns que det\u00eam o exclusivo do debate p\u00fablico, cada vez mais \u00e9 a simbiose entre os diferentes modos de informar e comunicar (incluindo a Internet, os Blogues e Sites) que contam para interven\u00e7\u00e3o na vida democr\u00e1tica, de uma sociedade mais livre e participada.<\/td>\n<\/tr>\n<tr>\n<td><\/td>\n<\/tr>\n<tr>\n<td><\/td>\n<\/tr>\n<tr>\n<td style=\"background-color: #99ff00;\">\n<p style=\"text-align: justify;\"><strong style=\"font-size: 12px;\">Sugest\u00e3o N\u00ba\u00a020 &#8211; <span style=\"color: #800000;\"><span style=\"color: #800000;\">Feita a\u00a016\u00a0de Junho de 2008<\/span><\/span><\/strong><\/p>\n<\/td>\n<\/tr>\n<tr>\n<td>\n<p style=\"text-align: justify;\">Seria interessante que a C\u00e2mara Municipal de Coruche seguisse o exemplo de outras autarquias e promovesse iniciativas do tipo \u201cOr\u00e7amento\/Plano Participativo\u201d, atrav\u00e9s da qual os habitantes do concelho pudessem apresentar propostas a incluir nesses documentos em formul\u00e1rios on-line, de modo estimular a cidadania participativa, envolvendo os cidad\u00e3os.<\/p>\n<\/td>\n<\/tr>\n<tr>\n<td><\/td>\n<\/tr>\n<tr>\n<td><\/td>\n<\/tr>\n<tr>\n<td style=\"background-color: #99ff00;\">\n<p style=\"text-align: justify;\"><strong style=\"font-size: 12px;\">Sugest\u00e3o N\u00ba\u00a019 &#8211; <span style=\"color: #800000;\"><span style=\"color: #800000;\">Feita a\u00a09\u00a0de Junho de 2008<\/span><\/span><\/strong><\/p>\n<\/td>\n<\/tr>\n<tr>\n<td>\n<p style=\"text-align: justify;\">\u00c9 imperioso o aumento dos n\u00edveis de mobilidade, nomeadamente uma maior aposta na utiliza\u00e7\u00e3o de meios de transportes p\u00fablicos (comboios, autocarros) em detrimento do transporte individual, com todos os inconvenientes que isso acarreta.<\/p>\n<p style=\"text-align: justify;\"><span style=\"text-decoration: underline;\">Assim, urge:<\/span><\/p>\n<ol style=\"text-align: justify;\">\n<li>O relan\u00e7amento das liga\u00e7\u00f5es ferrovi\u00e1rias para passageiros no ramal Setil\/Vendas Novas, bem como pugnar pelo j\u00e1 falado corredor ferrovi\u00e1rio entre a pen\u00ednsula de Set\u00fabal e o Oeste, passando pelos v\u00e1rios concelhos da Lez\u00edria, que ganha agora uma nova acuidade, nomeadamente com a op\u00e7\u00e3o do novo aeroporto de Alcochete.;<\/li>\n<li>O refor\u00e7o das carreiras regulares rodovi\u00e1rias;<\/li>\n<li>Uma maior aposta no circuito de transporte urbano (movidos com energias mais amigas do ambiente) que parem em todos os locais em que sejam solicitados, dentro da sua linha.<\/li>\n<\/ol>\n<\/td>\n<\/tr>\n<tr>\n<td><\/td>\n<\/tr>\n<tr>\n<td><\/td>\n<\/tr>\n<tr>\n<td style=\"background-color: #99ff00;\"><strong style=\"font-size: 12px;\">Sugest\u00e3o N\u00ba\u00a018 &#8211; <span style=\"color: #800000;\"><span style=\"color: #800000;\">Feita a\u00a02\u00a0de Junho de 2008<\/span><\/span><\/strong><\/td>\n<\/tr>\n<tr>\n<td>\n<p style=\"text-align: justify;\">O TICMAIS sugere que a C\u00e2mara Municipal de Coruche d\u00ea mais import\u00e2ncia \u00e0s carreiras das Tecnologias de Informa\u00e7\u00e3o e Comunica\u00e7\u00e3o, inclu\u00edndo no seu <a href=\"http:\/\/www.ticmais.pt\/?p=271\" target=\"_self\" rel=\"noopener\">Quadro de Pessoal<\/a>,\u00a0de modo a que seja poss\u00edvel:<\/p>\n<ol style=\"text-align: justify;\">\n<li>\n<div>Elevar o patamar de desenvolvimento do <a href=\"http:\/\/www.ticmais.pt\/?p=268\" target=\"_self\" rel=\"noopener\">eGovernment Municipal<\/a>;<\/div>\n<\/li>\n<li>\n<div>Implementar o Simplex a n\u00edvel local;<\/div>\n<\/li>\n<li>\n<div>Manter em pleno funcionamento todo o parque inform\u00e1tico instalado e elevar o n\u00edvel de forma\u00e7\u00e3o dos seus utilizadores;<\/div>\n<\/li>\n<li>\n<div><a href=\"http:\/\/www.ticmais.pt\/?p=523\" target=\"_self\" rel=\"noopener\">Preparar o concelho de Coruche para a sociedade da informa\u00e7\u00e3o<\/a> e criar condi\u00e7\u00f5es para que o universo daqueles com acesso aos benef\u00edcios das TIC seja aumentado drasticamente e a custo acess\u00edvel, porque a realidade est\u00e1 \u00e0 vista.<\/div>\n<\/li>\n<\/ol>\n<\/td>\n<\/tr>\n<tr>\n<td><\/td>\n<\/tr>\n<tr>\n<td><\/td>\n<\/tr>\n<tr>\n<td style=\"background-color: #99ff00;\"><strong style=\"font-size: 12px;\">Sugest\u00e3o N\u00ba\u00a017 &#8211; <span style=\"color: #800000;\"><span style=\"color: #800000;\">Feita a\u00a026\u00a0de Maio de 2008<\/span><\/span><\/strong><\/td>\n<\/tr>\n<tr>\n<td>\n<p style=\"text-align: justify;\">O Munic\u00edpio de Coruche dever\u00e1 adoptar medidas mais ambiciosas no dom\u00ednio da promo\u00e7\u00e3o e sensibiliza\u00e7\u00e3o das energias renov\u00e1veis, dos combust\u00edveis alternativos, da efici\u00eancia energ\u00e9tica e t\u00e9rmica, que contribuam, atrav\u00e9s dos seus exemplos de boas pr\u00e1ticas, para a dissemina\u00e7\u00e3o das melhores t\u00e9cnicas e procedimentos junto dos seus mun\u00edcipes, designadamente:<\/p>\n<ol style=\"text-align: justify;\">\n<li>\n<div>transformar todos os edif\u00edcios municipais, juntas de freguesia, escolas da sua responsabilidade em edif\u00edcios energeticamente mais eficientes; todas as novas edifica\u00e7\u00f5es\/requalifica\u00e7\u00f5es urban\u00edsticas dever\u00e3o ter como objectivo maximizar a efici\u00eancia energ\u00e9tica e fomentar as energias renov\u00e1veis apropriadas para edif\u00edcios de acordo com a nova regulamenta\u00e7\u00e3o ;<\/div>\n<\/li>\n<li>\n<div>elevar a fasquia da separa\u00e7\u00e3o do lixo, da recolha de \u00f3leos usados, de monos (monstros) e outros;<\/div>\n<\/li>\n<li>\n<div>as Energias Renov\u00e1veis, as vantagens e desvantagens de combust\u00edveis alternativos dever\u00e3o ser fomentadas e exploradas;<\/div>\n<\/li>\n<li>\n<div style=\"text-align: justify;\">o ensino T\u00e9cnico-profissional dever\u00e1 merecer uma aten\u00e7\u00e3o especial, analisando a possibilidade de cria\u00e7\u00e3o de cursos nestas \u00e1reas t\u00e3o promissoras que ajudem na cria\u00e7\u00e3o de oportunidades de emprego e no desenvolvimento regional.<\/div>\n<\/li>\n<\/ol>\n<\/td>\n<\/tr>\n<tr>\n<td><\/td>\n<\/tr>\n<tr>\n<td><\/td>\n<\/tr>\n<tr>\n<td style=\"background-color: #99ff00;\">\n<p style=\"text-align: justify;\"><strong style=\"font-size: 12px;\">Sugest\u00e3o N\u00ba\u00a016 &#8211; <span style=\"color: #800000;\"><span style=\"color: #800000;\">Feita a\u00a019\u00a0de Maio de 2008<\/span><\/span><\/strong><\/p>\n<\/td>\n<\/tr>\n<tr>\n<td>\n<p style=\"margin: 0cm 0cm 10pt; text-align: justify;\">A cidadania, o direito \u00e0 opini\u00e3o, dever\u00e3o exercer-se plenamente, sem necessidade de \u201clicen\u00e7as municipais de legitimidade\u201d, em locais como as reuni\u00f5es de C\u00e2mara, onde a diferen\u00e7a de pontos de vista n\u00e3o devem provocar a \u201cguerra\u201d, mas antes contribuir para um DEBATE franco e aberto, que assegure a pluralidade e diversidade de ideias e opini\u00f5es.<\/p>\n<\/td>\n<\/tr>\n<tr>\n<td><\/td>\n<\/tr>\n<tr>\n<td><\/td>\n<\/tr>\n<tr>\n<td style=\"background-color: #99ff00;\"><strong style=\"font-size: 12px;\">Sugest\u00e3o N\u00ba\u00a015 &#8211; <span style=\"color: #800000;\"><span style=\"color: #800000;\">Feita a\u00a012\u00a0de Maio de 2008<\/span><\/span><\/strong><\/td>\n<\/tr>\n<tr>\n<td>Que sejam implementados em Coruche, servi\u00e7os com as caracter\u00edsticas de Balc\u00e3o \u00danico.<\/td>\n<\/tr>\n<tr>\n<td><\/td>\n<\/tr>\n<tr>\n<td style=\"background-color: #99ff00;\"><strong style=\"font-size: 12px;\">Sugest\u00e3o N\u00ba\u00a014 &#8211; <span style=\"color: #800000;\"><span style=\"color: #800000;\">Feita a\u00a05\u00a0de Maio de 2008<\/span><\/span><\/strong><\/td>\n<\/tr>\n<tr>\n<td style=\"text-align: justify;\">Agora que a C\u00e2mara Municipal de Coruche assinou um Protocolo com o Centro Europe Direct de Santar\u00e9m, o TICMAIS faz votos para que, daqui para a frente, o Site do Munic\u00edpio de Coruche, passe a incluir mais linKs de acesso de cidadania.<br \/>\nAs mudan\u00e7as que se v\u00eam verificando pela utiliza\u00e7\u00e3o das TIC n\u00e3o s\u00e3o apenas t\u00e9cnicas. Com elas surgem novas estruturas socioecon\u00f3micas e novas formas de governa\u00e7\u00e3o que implicam novos modos de comunica\u00e7\u00e3o e de interac\u00e7\u00e3o entre os cidad\u00e3os, as empresas, o Estado, os Organismos da Uni\u00e3o Europeia, etc.<\/td>\n<\/tr>\n<tr>\n<td><\/td>\n<\/tr>\n<tr>\n<td><\/td>\n<\/tr>\n<tr>\n<td style=\"background-color: #99ff00;\"><strong style=\"font-size: 12px;\">Sugest\u00e3o N\u00ba\u00a013 &#8211; <span style=\"color: #800000;\"><span style=\"color: #800000;\">Feita a\u00a028\u00a0de Abril de 2008<\/span><\/span><\/strong><\/td>\n<\/tr>\n<tr>\n<td>\n<p class=\"MsoNormal\" style=\"margin: 0cm 0cm 10pt; text-align: justify;\">No dia 17 de Abril, o TICMAIS participou, a convite do site iGOV, no Munic\u00edpio de Pombal, num evento dedicado ao tema da <span style=\"text-decoration: underline;\">\u00abInova\u00e7\u00e3o no Atendimento Municipal\u00bb<\/span>. Tratou-se da primeira iniciativa sob o modelo i-GOV SPOT que, al\u00e9m das sess\u00f5es de debate com especialistas nacionais e internacionais, permitiu conhecer pessoalmente um projecto que \u00e9 uma boa pr\u00e1tica nacional no dom\u00ednio do atendimento ao mun\u00edcipe, incluindo os <a href=\"https:\/\/servicosonline.cm-pombal.pt\/servicos\/\">servi\u00e7os on-line<\/a>, os Balc\u00f5es de Atendimento Municipal (<a href=\"http:\/\/www.rcc.gov.pt\/Directorio\/Temas\/ServicosCidadao\/Paginas\/B@M---Balc%C3%A3o-de-Atendimento-Municipal.aspx\">B@M<\/a>) e o \u00abF\u00f3rum Mun\u00edcipe\u00bb.<br \/>\nAtrav\u00e9s dos autarcas, dirigentes e respons\u00e1veis participantes, incluindo c\u00e2maras municipais, associa\u00e7\u00f5es de munic\u00edpios, ag\u00eancias de desenvolvimento regional, projectos de cidades digitais e juntas de freguesia, fic\u00e1mos tamb\u00e9m a saber que est\u00e3o a fazer-se coisas muito interessantes neste dom\u00ednio, designadamente em zonas do interior do pa\u00eds.<\/p>\n<p class=\"MsoNormal\" style=\"margin: 0cm 0cm 10pt; text-align: justify;\">Do que vimos, aqui fica a nossa sugest\u00e3o:<\/p>\n<p class=\"MsoNormal\" style=\"margin: 0cm 0cm 10pt; text-align: justify;\"><span style=\"text-decoration: underline;\">Vale a pena ver para crer!<\/span><\/p>\n<\/td>\n<\/tr>\n<tr>\n<td><\/td>\n<\/tr>\n<tr>\n<td><\/td>\n<\/tr>\n<tr>\n<td style=\"background-color: #99ff00;\"><strong style=\"font-size: 12px;\">Sugest\u00e3o N\u00ba\u00a012 &#8211; <span style=\"color: #800000;\"><span style=\"color: #800000;\">Feita a\u00a021\u00a0de Abril de 2008<\/span><\/span><\/strong><\/td>\n<\/tr>\n<tr>\n<td>\n<p class=\"MsoNormal\" style=\"margin: 0cm 0cm 10pt; text-align: justify;\">Considerando a evolu\u00e7\u00e3o do parque inform\u00e1tico instalado no concelho (servi\u00e7os municipais descentralizados, juntas de freguesias, agentes educativos e sociais, bibliotecas, bombeiros, museu, etc.) e o muito que ainda \u00e9 necess\u00e1rio evoluir neste dom\u00ednio, dever\u00e1 ser criado um servi\u00e7o de apoio t\u00e9cnico e de manuten\u00e7\u00e3o a todo esse parque tecnol\u00f3gico exterior \u00e0 autarquia, que promova e dinamize a utiliza\u00e7\u00e3o destas tecnologias e combata a info-exclus\u00e3o.<\/p>\n<p class=\"MsoNormal\" style=\"margin: 0cm 0cm 10pt; text-align: justify;\">Nesse sentido, \u00e9 necess\u00e1rio criar um <span style=\"text-decoration: underline;\">Servi\u00e7o de Apoio \u00e0s Novas Tecnologias de Informa\u00e7\u00e3o e Comunica\u00e7\u00e3o<\/span>, atrav\u00e9s de uma <span style=\"text-decoration: underline;\">Unidade M\u00f3vel e Online<\/span>, que actue de forma r\u00e1pida e eficaz sobre os problemas inform\u00e1ticos e tecnol\u00f3gicos, que os afectem.<\/p>\n<p class=\"MsoNormal\" style=\"margin: 0cm 0cm 10pt; text-align: justify;\"><span style=\"text-decoration: underline;\">\u00c9 preciso cuidar do parque inform\u00e1tico instalado no concelho e, ao mesmo tempo, ensinar a \u201cpescar\u201d!<\/span><\/p>\n<\/td>\n<\/tr>\n<tr>\n<td><\/td>\n<\/tr>\n<tr>\n<td><\/td>\n<\/tr>\n<tr>\n<td style=\"background-color: #99ff00;\"><strong style=\"font-size: 12px;\">Sugest\u00e3o N\u00ba\u00a011 &#8211; <span style=\"color: #800000;\"><span style=\"color: #800000;\">Feita a\u00a014\u00a0de Abril de 2008<\/span><\/span><\/strong><\/td>\n<\/tr>\n<tr>\n<td>\n<p class=\"MsoNormal\" style=\"margin: 0cm 0cm 10pt; text-align: justify;\">Queremos crer que a grande maioria dos nossos pol\u00edticos t\u00eam plena consci\u00eancia de que o futuro das regi\u00f5es ser\u00e1 fortemente influenciado pela forma como as novas Tecnologias de Informa\u00e7\u00e3o e Comunica\u00e7\u00e3o (TIC) forem assimiladas, bem como do sucesso e da rapidez dessa absor\u00e7\u00e3o.<\/p>\n<p class=\"MsoNormal\" style=\"margin: 0cm 0cm 10pt; text-align: justify;\">\u00c9 inadmiss\u00edvel que uma vila como a de Coruche, sede de concelho, integrada no denominado Arco Metropolitano de Lisboa, n\u00e3o tenha ainda modernas infraestruturas de redes digitais de comunica\u00e7\u00e3o, necess\u00e1rias \u00e0 subscri\u00e7\u00e3o de pacotes de comunica\u00e7\u00e3o por cabo (televis\u00e3o, v\u00eddeo, telefone e Internet).<\/p>\n<p class=\"MsoNormal\" style=\"margin: 0cm 0cm 10pt; text-align: justify;\"><span style=\"text-decoration: underline;\">As fam\u00edlias e as empresas, pagam aqui um duplo custo de interioridade.<\/span> \u00c9 com bastante atraso que podem usufruir de determinados servi\u00e7os relativamente a outras zonas do pa\u00eds, t\u00eam de pagar mensalidades mais elevadas, beneficiando em contrapartida dum leque reduzido de op\u00e7\u00f5es, de piores servi\u00e7os e menores velocidades.<\/p>\n<p class=\"MsoNormal\" style=\"margin: 0cm 0cm 10pt; text-align: justify;\"><span style=\"text-decoration: underline;\">H\u00e1 que pugnar por alterar esta situa\u00e7\u00e3o.<\/span><\/p>\n<\/td>\n<\/tr>\n<tr>\n<td><\/td>\n<\/tr>\n<tr>\n<td><\/td>\n<\/tr>\n<tr>\n<td style=\"background-color: #99ff00;\"><strong style=\"font-size: 12px;\">Sugest\u00e3o N\u00ba\u00a010 &#8211; <span style=\"color: #800000;\"><span style=\"color: #800000;\">Feita a\u00a07\u00a0de Abril de 2008<\/span><\/span><\/strong><\/td>\n<\/tr>\n<tr>\n<td>\n<p class=\"MsoNormal\" style=\"margin: 0cm 0cm 10pt; text-align: justify;\">As Tecnologias de Informa\u00e7\u00e3o e Comunica\u00e7\u00e3o e o eGOV Local (Governa\u00e7\u00e3o Electr\u00f3nica), assumem-se como as principais armas no processo de moderniza\u00e7\u00e3o da administra\u00e7\u00e3o local. Para al\u00e9m das vantagens directas em termos de efic\u00e1cia e efici\u00eancia, ter\u00e3o um impacto directo sobre a economia local, reduzindo-lhe os custos de contexto e dinamizando-a no sentido dos objectivos da Sociedade de Informa\u00e7\u00e3o.<\/p>\n<p class=\"MsoNormal\" style=\"margin: 0cm 0cm 10pt; text-align: justify;\">Quando hoje, em Portugal, j\u00e1 \u00e9 poss\u00edvel tratar online um sem n\u00famero de servi\u00e7os com a administra\u00e7\u00e3o central, \u00e9 incompreens\u00edvel o n\u00edvel dos servi\u00e7os disponibilizados pelo munic\u00edpio de Coruche.<\/p>\n<p class=\"MsoNormal\" style=\"margin: 0cm 0cm 10pt; text-align: justify;\"><span style=\"text-decoration: underline;\">N\u00e3o basta disponibilizar formul\u00e1rios dos servi\u00e7os via Internet se os cidad\u00e3os acabam por ter de se dirigir fisicamente aos servi\u00e7os do munic\u00edpio para finalizar os assuntos.<\/span><\/p>\n<p class=\"MsoNormal\" style=\"margin: 0cm 0cm 10pt; text-align: justify;\">N\u00e3o se admite, nos dias de hoje, que um estudante para levantar a mensalidade da sua bolsa de estudo municipal, tenha de vir de prop\u00f3sito da Universidade a Coruche, ou que um agente econ\u00f3mico, um inquilino de pr\u00e9dio municipal, um pai com um filho na creche, tenham de se deslocar for\u00e7osamente aos servi\u00e7os do munic\u00edpio (por vezes a dois) para pagar a sua mensalidade, renda ou taxa.<\/p>\n<p class=\"MsoNormal\" style=\"margin: 0cm 0cm 10pt; text-align: justify;\"><span style=\"text-decoration: underline;\">S\u00e3o precisas medidas urgentes que agilizem e facilitem a vida aos mun\u00edcipes.<\/span><\/p>\n<\/td>\n<\/tr>\n<tr>\n<td><\/td>\n<\/tr>\n<tr>\n<td><\/td>\n<\/tr>\n<tr>\n<td style=\"background-color: #99ff00;\"><strong>Sugest\u00e3o N\u00ba\u00a09 &#8211; <span style=\"color: #800000;\"><span style=\"color: #800000;\">Feita a\u00a031\u00a0de Mar\u00e7o de 2008<\/span><\/span><\/strong><\/td>\n<\/tr>\n<tr>\n<td style=\"text-align: justify;\">Que as reuni\u00f5es p\u00fablicas da C\u00e2mara e da Assembleia Municipal passem a ser transmitidas atrav\u00e9s da Internet, considerando que este seria mais um passo na participa\u00e7\u00e3o dos cidad\u00e3os na vida do concelho e na aproxima\u00e7\u00e3o aos eleitos no munic\u00edpio. Esta iniciativa poder\u00e1 ser concretizada atrav\u00e9s do site da autarquia, isolada ou conjuntamente, com a comunica\u00e7\u00e3o social online da regi\u00e3o. Para tal o hor\u00e1rio das reuni\u00f5es de C\u00e2mara deveria ocorrer por volta das 21,00 horas.<\/td>\n<\/tr>\n<tr>\n<td><\/td>\n<\/tr>\n<tr>\n<td><\/td>\n<\/tr>\n<tr>\n<td style=\"background-color: #99ff00;\"><strong style=\"font-size: 12px;\">Sugest\u00e3o N\u00ba\u00a08 &#8211; <span style=\"color: #800000;\"><span style=\"color: #800000;\">Feita a\u00a024\u00a0de Mar\u00e7o de 2008<\/span><\/span><\/strong><\/td>\n<\/tr>\n<tr>\n<td>\n<p style=\"text-align: justify;\">As feiras de actividades econ\u00f3micas constituem uma forma de afirma\u00e7\u00e3o dos concelhos e um ve\u00edculo privilegiado para a promo\u00e7\u00e3o e divulga\u00e7\u00e3o das suas potencialidades, das suas tradi\u00e7\u00f5es, das empresas e dos neg\u00f3cios.<\/p>\n<p class=\"MsoNormal\" style=\"text-align: justify;\"><span style=\"text-decoration: underline;\">Coruche deveria aproveitar a din\u00e2mica das Festas por forma a chegar mais longe!<\/span><\/p>\n<p class=\"MsoNormal\" style=\"text-align: justify;\">Para al\u00e9m da programa\u00e7\u00e3o que apresentam e da projec\u00e7\u00e3o ineg\u00e1vel que t\u00eam, as Festas em Honra de Nossa Senhora do Castelo t\u00eam que contribuir, de modo mais significativo, para a promo\u00e7\u00e3o do desenvolvimento econ\u00f3mico, social, tecnol\u00f3gico, ambiental e tur\u00edstico do nosso concelho.<\/p>\n<p class=\"MsoNormal\" style=\"text-align: justify;\">Como tal, t\u00eam de passar a integrar tamb\u00e9m a componente de Feira de Actividades Econ\u00f3micas e apoiar-se, como \u00e9 evidente, nos modernos meios promocionais das Tecnologias da Comunica\u00e7\u00e3o e Informa\u00e7\u00e3o.<\/p>\n<p class=\"MsoNormal\" style=\"text-align: justify;\">Um caminho s\u00f3 poss\u00edvel de percorrer com a participa\u00e7\u00e3o e envolvimento da popula\u00e7\u00e3o, das institui\u00e7\u00f5es e dos agentes econ\u00f3micos.<\/p>\n<\/td>\n<\/tr>\n<tr>\n<td><\/td>\n<\/tr>\n<tr>\n<td><\/td>\n<\/tr>\n<tr>\n<td style=\"background-color: #99ff00;\"><strong style=\"font-size: 12px;\">Sugest\u00e3o N\u00ba\u00a07 &#8211; <span style=\"color: #800000;\"><span style=\"color: #800000;\">Feita a\u00a017\u00a0de Mar\u00e7o de 2008<\/span><\/span><\/strong><\/td>\n<\/tr>\n<tr>\n<td style=\"text-align: justify;\">Que os documentos (especialmente os de texto) que s\u00e3o lidos e entregues pelos mun\u00edcipes nas reuni\u00f5es desses \u00f3rg\u00e3os municipais, e que n\u00e3o s\u00e3o transcritos na acta, tenham um tratamento equivalente a outros assuntos aprovados (Ex: mo\u00e7\u00f5es, delibera\u00e7\u00f5es, tomadas de posi\u00e7\u00e3o, etc.), e disponham de hiperliga\u00e7\u00f5es (links) que permitam tamb\u00e9m a sua consulta online.<br \/>\nA disponibiliza\u00e7\u00e3o dos documentos online \u00e9 uma forma f\u00e1cil dos cidad\u00e3os conhecerem as decis\u00f5es, as discuss\u00f5es pol\u00edticas, as sugest\u00f5es e propostas apresentadas. No fundo, uma forma de aproximar os eleitores dos eleitos que contribui para a valoriza\u00e7\u00e3o da democracia e da cidadania.<\/td>\n<\/tr>\n<tr>\n<td><\/td>\n<\/tr>\n<tr>\n<td><\/td>\n<\/tr>\n<tr>\n<td style=\"background-color: #99ff00;\"><strong style=\"font-size: 12px;\">Sugest\u00e3o N\u00ba\u00a06 &#8211; <span style=\"color: #800000;\"><span style=\"color: #800000;\">Feita a\u00a010\u00a0de Mar\u00e7o de 2008<\/span><\/span><\/strong><\/td>\n<\/tr>\n<tr>\n<td style=\"text-align: justify;\">Considerando a grande dimens\u00e3o do concelho de Coruche, a sua dispers\u00e3o populacional e o muito que h\u00e1 a fazer no \u00e2mbito do combate \u00e1 infoexclus\u00e3o, que seja criado um servi\u00e7o tipo \u201c<a href=\"https:\/\/tek.sapo.pt\/noticias\/internet\/artigos\/net-sobre-rodas-mobiliza-populacoes-de-entre-douro-e-vouga-para-as-tic\"><span style=\"text-decoration: underline;\">Net Sobre Rodas<\/span><\/a>\u201d, de car\u00e1cter itinerante, com o objectivo de divulga\u00e7\u00e3o e massifica\u00e7\u00e3o das Tecnologias de Informa\u00e7\u00e3o e Comunica\u00e7\u00e3o junto de toda a popula\u00e7\u00e3o do concelho (Escolas, Juntas de Freguesia, Empresas, Jardins de Inf\u00e2ncia, IPSS\u2019s, Lares, Centros de Dia, Colectividades, entre Outras) e Eventos de maior aflu\u00eancia de p\u00fablico, que disponibilize servi\u00e7os tecnol\u00f3gicos, forma\u00e7\u00e3o e certifica\u00e7\u00e3o em TICs.<br \/>\nSe queremos efectivamente combater os efeitos da interioridade, n\u00e3o podemos a n\u00edvel local agravar esses efeitos ao promover medidas prioritariamente na vila de Coruche, mas sim desenvolvendo medidas de discrimina\u00e7\u00e3o positiva relativamente \u00e0s zonas mais interiores do concelho.<\/td>\n<\/tr>\n<tr>\n<td><\/td>\n<\/tr>\n<tr>\n<td><\/td>\n<\/tr>\n<tr>\n<td style=\"background-color: #99ff00;\"><strong style=\"font-size: 12px;\">Sugest\u00e3o N\u00ba\u00a05 &#8211; <span style=\"color: #800000;\"><span style=\"color: #800000;\">Feita a\u00a03\u00a0de Mar\u00e7o de 2008<\/span><\/span><\/strong><\/td>\n<\/tr>\n<tr>\n<td style=\"text-align: justify;\">N\u00e3o adianta ignorar, quando pertinentes e sensatas, essas pequenas causas, enriquecem a cidadania, o espa\u00e7o p\u00fablico, e justificariam por isso respostas leg\u00edtimas de resolu\u00e7\u00e3o, de informa\u00e7\u00e3o e esclarecimento. Como n\u00e3o se resolvem ou desaparecem por si, ser\u00e1 de todo desaconselhado, correndo-se o risco de as amplificar, ignor\u00e1-las.<br \/>\nUma causa com fundamento e sentido propaga-se como uma infec\u00e7\u00e3o, e, ou se administra o medicamento adequado e se cura, ou ela se desenvolve com consequ\u00eancias imprevis\u00edveis. J\u00e1 n\u00e3o s\u00e3o s\u00f3 alguns que det\u00eam o exclusivo do debate p\u00fablico, cada vez mais \u00e9 a simbiose entre os diferentes modos de comunicar (incluindo os Blogues e Sites) que contam.<br \/>\nA Internet assume-se como o mais completo meio de comunica\u00e7\u00e3o j\u00e1 concebido pela tecnologia humana, o primeiro meio a conjugar duas caracter\u00edsticas dos meios anteriores: a interactividade e a massividade.<\/td>\n<\/tr>\n<tr>\n<td><\/td>\n<\/tr>\n<tr>\n<td><\/td>\n<\/tr>\n<tr>\n<td style=\"background-color: #99ff00;\"><strong style=\"font-size: 12px;\">Sugest\u00e3o N\u00ba\u00a04 &#8211; <span style=\"color: #800000;\"><span style=\"color: #800000;\">Feita a\u00a025\u00a0de Fevereiro de 2008<\/span><\/span><\/strong><\/td>\n<\/tr>\n<tr>\n<td>\n<p align=\"justify\">O anuncio da elabora\u00e7\u00e3o de um <a href=\"https:\/\/www.cm-coruche.pt\/portal-do-investidor\/coruche-2020-plano-estrategico\">plano estrat\u00e9gico para o munic\u00edpio at\u00e9 2020<\/a> \u00e9 o exemplo evidente que nos modernos tempos de mudan\u00e7a com que nos confrontamos a linha de actua\u00e7\u00e3o estrat\u00e9gica \u00e0 escala local tem de ser sempre de antecipa\u00e7\u00e3o proactiva e n\u00e3o reactiva.<br \/>\nOs planos estrat\u00e9gicos, os parques de neg\u00f3cios e tecnol\u00f3gicos, as infraestruturas da era da modernidade, o ensino, a inclus\u00e3o digital, o empreendedorismo, a fixa\u00e7\u00e3o de massa criativa, s\u00e3o alguns exemplos que n\u00e3o podem estar dependentes da constru\u00e7\u00e3o ou n\u00e3o de um novo aeroporto.<br \/>\nO <a href=\"file:\/\/\/D:\/OneDrive%20-%20ovhcloud\/Downloads\/287p-1-UR-RELT_3-RAPDM-02%20(1).pdf\">Plano Director Municipal de Coruche e as suas propostas de revis\u00e3o<\/a>\u00a0h\u00e1 muito que\u00a0contemplam praticamente isso tudo. \u00c9 preciso \u00e9 dar seguimento \u00e0s medidas nele previstas, trabalho, concretiza\u00e7\u00e3o\u00a0e mais proactividade.<\/p>\n<p align=\"justify\"><span style=\"text-decoration: underline;\"><span style=\"color: #993300;\"><strong>Quem anda a reboque vai sempre atr\u00e1s!<\/strong><\/span><\/span><\/p>\n<\/td>\n<\/tr>\n<tr>\n<td><\/td>\n<\/tr>\n<tr>\n<td><\/td>\n<\/tr>\n<tr>\n<td style=\"background-color: #99ff00;\"><strong style=\"font-size: 12px;\">Sugest\u00e3o N\u00ba 3 &#8211; <span style=\"color: #800000;\"><span style=\"color: #800000;\">Feita a\u00a018\u00a0de Fevereiro de 2008<\/span><\/span><\/strong><\/td>\n<\/tr>\n<tr>\n<td>Que, a exemplo de cada vez mais autarquias, seja divulgado no seu site, poucas horas depois das reuni\u00f5es do seu executivo, o resumo das delibera\u00e7\u00f5es e respectivas vota\u00e7\u00f5es.<\/td>\n<\/tr>\n<tr>\n<td><\/td>\n<\/tr>\n<tr>\n<td><\/td>\n<\/tr>\n<tr>\n<td style=\"background-color: #99ff00;\"><strong style=\"font-size: 12px;\">Sugest\u00e3o N\u00ba\u00a02 &#8211; <span style=\"color: #800000;\"><span style=\"color: #800000;\">Feita a 11\u00a0de Fevereiro de 2008<\/span><\/span><\/strong><\/td>\n<\/tr>\n<tr>\n<td>Hoje, decorridos oito anos ap\u00f3s a defini\u00e7\u00e3o dos objectivos da Agenda de Lisboa\/da Sociedade do Conhecimento, com as escolas envolvidas em programas nesse \u00e2mbito (ex. plano tecnol\u00f3gico, programa novas oportunidades, certifica\u00e7\u00e3o de compet\u00eancias e outros), estando elas dotadas de professores formados na \u00e1rea das Tecnologias de Informa\u00e7\u00e3o e Comunica\u00e7\u00e3o e com alunos com conhecimentos bastantes para poderem colaborar na manuten\u00e7\u00e3o e dinamiza\u00e7\u00e3o dos seus websites, \u00e9 dif\u00edcil de entender que ainda haja escolas sem uma presen\u00e7a Institucional minimamente aceit\u00e1vel na Internet.<br \/>\n<span style=\"text-decoration: underline;\">Urge, pois, melhorar os sites das escolas, por forma responder \u00e0s actuais necessidades das comunidades que servem e, assim, aproveitar as suas potencialidades de comunica\u00e7\u00e3o e informa\u00e7\u00e3o.<\/span><\/td>\n<\/tr>\n<tr>\n<td><\/td>\n<\/tr>\n<tr>\n<td><\/td>\n<\/tr>\n<tr>\n<td style=\"background-color: #99ff00;\"><strong style=\"font-size: 12px;\">Sugest\u00e3o N\u00ba 1 &#8211; <span style=\"color: #800000;\"><span style=\"color: #800000;\">Feita a\u00a04\u00a0de Fevereiro de 2008<\/span><\/span><\/strong><\/td>\n<\/tr>\n<tr>\n<td>\n<p align=\"justify\">Que o site municipal seja actualizado com as fotos de todos os membros do seu executivo e com os seus endere\u00e7os oficiais de E-mail personalizados. <span style=\"text-decoration: underline;\">Alguns exemplos:<\/span> <a href=\"https:\/\/www.cm-portimao.pt\/\">1<\/a> <a href=\"https:\/\/www.cm-pombal.pt\/\">2<\/a> <a href=\"https:\/\/www.cm-peniche.pt\/\">3<\/a> <a href=\"https:\/\/www.cm-oeiras.pt\/pt\/Paginas\/default.aspx\" target=\"_blank\" rel=\"noopener\">4<\/a><\/p>\n<\/td>\n<\/tr>\n<\/tbody>\n<\/table>\n","protected":false},"excerpt":{"rendered":"<p>S\u00e3o muitas as sugest\u00f5es que temos\u00a0vindo a fazer\u00a0no \u00e2mbito da Sociedade do Conhecimento, mas porque sabemos que \u201cRoma e Pavia n\u00e3o se fizeram num dia\u201d, continuamos a aguardar\u00a0pelos\u00a0seus frutos. Conhe\u00e7a Todas as Sugest\u00f5es da Semana<\/p>\n","protected":false},"author":1,"featured_media":0,"parent":0,"menu_order":0,"comment_status":"closed","ping_status":"open","template":"","meta":{"footnotes":""},"class_list":["post-1249","page","type-page","status-publish","hentry"],"_links":{"self":[{"href":"https:\/\/www.ticmais.pt\/index.php?rest_route=\/wp\/v2\/pages\/1249","targetHints":{"allow":["GET"]}}],"collection":[{"href":"https:\/\/www.ticmais.pt\/index.php?rest_route=\/wp\/v2\/pages"}],"about":[{"href":"https:\/\/www.ticmais.pt\/index.php?rest_route=\/wp\/v2\/types\/page"}],"author":[{"embeddable":true,"href":"https:\/\/www.ticmais.pt\/index.php?rest_route=\/wp\/v2\/users\/1"}],"replies":[{"embeddable":true,"href":"https:\/\/www.ticmais.pt\/index.php?rest_route=%2Fwp%2Fv2%2Fcomments&post=1249"}],"version-history":[{"count":0,"href":"https:\/\/www.ticmais.pt\/index.php?rest_route=\/wp\/v2\/pages\/1249\/revisions"}],"wp:attachment":[{"href":"https:\/\/www.ticmais.pt\/index.php?rest_route=%2Fwp%2Fv2%2Fmedia&parent=1249"}],"curies":[{"name":"wp","href":"https:\/\/api.w.org\/{rel}","templated":true}]}}